{"id":642,"date":"2021-09-01T17:17:10","date_gmt":"2021-09-01T17:17:10","guid":{"rendered":"https:\/\/radar.ibegesp.org.br\/?page_id=642"},"modified":"2025-04-24T13:19:29","modified_gmt":"2025-04-24T16:19:29","slug":"colaborador","status":"publish","type":"page","link":"https:\/\/radar.ibegesp.org.br\/colaborador\/","title":{"rendered":"Colaborador"},"content":{"rendered":"\n<figure class=\"wp-block-image size-full\" id=\"block-097657e2-62bf-43ea-b2e9-591c9ab57054\"><img loading=\"lazy\" decoding=\"async\" width=\"642\" height=\"361\" src=\"https:\/\/radar.ibegesp.org.br\/wp-content\/uploads\/2021\/09\/img-colab.png\" alt=\"colaborador\" class=\"wp-image-653\" srcset=\"https:\/\/radar.ibegesp.org.br\/wp-content\/uploads\/2021\/09\/img-colab.png 642w, https:\/\/radar.ibegesp.org.br\/wp-content\/uploads\/2021\/09\/img-colab-300x169.png 300w, https:\/\/radar.ibegesp.org.br\/wp-content\/uploads\/2021\/09\/img-colab-16x9.png 16w\" sizes=\"auto, (max-width: 642px) 100vw, 642px\" \/><\/figure>\n\n\n\n<h4 class=\"wp-block-heading\" id=\"block-8e1ad7dd-2eea-4297-9365-b19c1a6d4227\">Benef\u00edcios de ser colaborador no Programa de Reda\u00e7\u00e3o Volunt\u00e1ria<\/h4>\n\n\n\n<ul id=\"block-b4f6a943-3a27-4bf6-929a-7308edc16d8b\" class=\"wp-block-list\">\n<li>Destaque \u00e0 sua autoria<\/li>\n\n\n\n<li>Milhares de acessos por m\u00eas<\/li>\n\n\n\n<li>Certificado de participa\u00e7\u00e3o<\/li>\n\n\n\n<li>Escrita no seu ritmo<\/li>\n\n\n\n<li>Publica\u00e7\u00e3o em nossas redes sociais<\/li>\n\n\n\n<li>Treinamento sobre t\u00e9cnicas de escrita<\/li>\n<\/ul>\n\n\n\n<h4 class=\"wp-block-heading\" id=\"block-5e1e0d63-2db9-4d3a-a51d-8ded30cc865b\">Sobre o que escrever<\/h4>\n\n\n\n<p class=\"wp-block-paragraph\" id=\"block-9e4e12f2-e2a8-42e9-92b0-6011532dd7a7\">As redatoras e redatores volunt\u00e1rios do IBEGESP escrevem artigos r\u00e1pidos e informativos que se relacionam aos nossos centros de estudos.<\/p>\n\n\n\n<figure class=\"wp-block-image size-full\" id=\"block-b4ce781b-a757-4ae6-a227-3bb305be20f5\"><img loading=\"lazy\" decoding=\"async\" width=\"642\" height=\"446\" src=\"https:\/\/radar.ibegesp.org.br\/wp-content\/uploads\/2021\/09\/img-colab-02.png\" alt=\"\" class=\"wp-image-654\" srcset=\"https:\/\/radar.ibegesp.org.br\/wp-content\/uploads\/2021\/09\/img-colab-02.png 642w, https:\/\/radar.ibegesp.org.br\/wp-content\/uploads\/2021\/09\/img-colab-02-300x208.png 300w, https:\/\/radar.ibegesp.org.br\/wp-content\/uploads\/2021\/09\/img-colab-02-16x11.png 16w\" sizes=\"auto, (max-width: 642px) 100vw, 642px\" \/><\/figure>\n\n\n\n<p class=\"wp-block-paragraph\"><\/p>\n","protected":false},"excerpt":{"rendered":"<p>Benef\u00edcios de ser colaborador no Programa de Reda\u00e7\u00e3o Volunt\u00e1ria Sobre o que escrever As redatoras e redatores volunt\u00e1rios do IBEGESP escrevem artigos r\u00e1pidos e informativos que se relacionam aos nossos centros de estudos.<\/p>\n","protected":false},"author":9,"featured_media":0,"parent":0,"menu_order":0,"comment_status":"closed","ping_status":"closed","template":"templates\/colaborador.php","meta":{"_acf_changed":false,"_crdt_document":"","inline_featured_image":false,"footnotes":""},"class_list":["post-642","page","type-page","status-publish","hentry"],"acf":[],"yoast_head":"<!-- This site is optimized with the Yoast SEO plugin v27.2 - https:\/\/yoast.com\/product\/yoast-seo-wordpress\/ -->\n<title>Colaborador - Radar IB\u00ca<\/title>\n<meta name=\"description\" content=\"Tem interesse em escrever sobre a Gest\u00e3o P\u00fablica? Venha ser um colaborador do Programa de Reda\u00e7\u00e3o Volunt\u00e1ria do IBEGESP!\" \/>\n<meta name=\"robots\" content=\"index, follow, max-snippet:-1, max-image-preview:large, max-video-preview:-1\" \/>\n<link rel=\"canonical\" href=\"https:\/\/radar.ibegesp.org.br\/colaborador\/\" \/>\n<meta property=\"og:locale\" content=\"pt_BR\" \/>\n<meta property=\"og:type\" content=\"article\" \/>\n<meta property=\"og:title\" content=\"Colaborador - Radar IB\u00ca\" \/>\n<meta property=\"og:description\" content=\"Tem interesse em escrever sobre a Gest\u00e3o P\u00fablica? Venha ser um colaborador do Programa de Reda\u00e7\u00e3o Volunt\u00e1ria do IBEGESP!\" \/>\n<meta property=\"og:url\" content=\"https:\/\/radar.ibegesp.org.br\/colaborador\/\" \/>\n<meta property=\"og:site_name\" content=\"Radar IB\u00ca\" \/>\n<meta property=\"article:modified_time\" content=\"2025-04-24T16:19:29+00:00\" \/>\n<meta property=\"og:image\" content=\"https:\/\/radar.ibegesp.org.br\/wp-content\/uploads\/2021\/09\/img-colab.png\" \/>\n\t<meta property=\"og:image:width\" content=\"642\" \/>\n\t<meta property=\"og:image:height\" content=\"361\" \/>\n\t<meta property=\"og:image:type\" content=\"image\/png\" \/>\n<meta name=\"twitter:card\" content=\"summary_large_image\" \/>\n<meta name=\"twitter:label1\" content=\"Est. tempo de leitura\" \/>\n\t<meta name=\"twitter:data1\" content=\"1 minuto\" \/>\n<script type=\"application\/ld+json\" class=\"yoast-schema-graph\">{\"@context\":\"https:\/\/schema.org\",\"@graph\":[{\"@type\":\"WebPage\",\"@id\":\"https:\/\/radar.ibegesp.org.br\/colaborador\/\",\"url\":\"https:\/\/radar.ibegesp.org.br\/colaborador\/\",\"name\":\"Colaborador - Radar IB\u00ca\",\"isPartOf\":{\"@id\":\"https:\/\/radar.ibegesp.org.br\/#website\"},\"primaryImageOfPage\":{\"@id\":\"https:\/\/radar.ibegesp.org.br\/colaborador\/#primaryimage\"},\"image\":{\"@id\":\"https:\/\/radar.ibegesp.org.br\/colaborador\/#primaryimage\"},\"thumbnailUrl\":\"https:\/\/radar.ibegesp.org.br\/wp-content\/uploads\/2021\/09\/img-colab.png\",\"datePublished\":\"2021-09-01T17:17:10+00:00\",\"dateModified\":\"2025-04-24T16:19:29+00:00\",\"description\":\"Tem interesse em escrever sobre a Gest\u00e3o P\u00fablica? Venha ser um colaborador do Programa de Reda\u00e7\u00e3o Volunt\u00e1ria do IBEGESP!\",\"breadcrumb\":{\"@id\":\"https:\/\/radar.ibegesp.org.br\/colaborador\/#breadcrumb\"},\"inLanguage\":\"pt-BR\",\"potentialAction\":[{\"@type\":\"ReadAction\",\"target\":[\"https:\/\/radar.ibegesp.org.br\/colaborador\/\"]}]},{\"@type\":\"ImageObject\",\"inLanguage\":\"pt-BR\",\"@id\":\"https:\/\/radar.ibegesp.org.br\/colaborador\/#primaryimage\",\"url\":\"https:\/\/radar.ibegesp.org.br\/wp-content\/uploads\/2021\/09\/img-colab.png\",\"contentUrl\":\"https:\/\/radar.ibegesp.org.br\/wp-content\/uploads\/2021\/09\/img-colab.png\",\"width\":642,\"height\":361},{\"@type\":\"BreadcrumbList\",\"@id\":\"https:\/\/radar.ibegesp.org.br\/colaborador\/#breadcrumb\",\"itemListElement\":[{\"@type\":\"ListItem\",\"position\":1,\"name\":\"Home\",\"item\":\"https:\/\/radar.ibegesp.org.br\/\"},{\"@type\":\"ListItem\",\"position\":2,\"name\":\"Colaborador\"}]},{\"@type\":\"WebSite\",\"@id\":\"https:\/\/radar.ibegesp.org.br\/#website\",\"url\":\"https:\/\/radar.ibegesp.org.br\/\",\"name\":\"Radar IB\u00ca\",\"description\":\"Contribu\u00edmos para uma gest\u00e3o p\u00fablica mais eficaz e transparente\",\"publisher\":{\"@id\":\"https:\/\/radar.ibegesp.org.br\/#organization\"},\"potentialAction\":[{\"@type\":\"SearchAction\",\"target\":{\"@type\":\"EntryPoint\",\"urlTemplate\":\"https:\/\/radar.ibegesp.org.br\/?s={search_term_string}\"},\"query-input\":{\"@type\":\"PropertyValueSpecification\",\"valueRequired\":true,\"valueName\":\"search_term_string\"}}],\"inLanguage\":\"pt-BR\"},{\"@type\":\"Organization\",\"@id\":\"https:\/\/radar.ibegesp.org.br\/#organization\",\"name\":\"Radar IB\u00ca\",\"url\":\"https:\/\/radar.ibegesp.org.br\/\",\"logo\":{\"@type\":\"ImageObject\",\"inLanguage\":\"pt-BR\",\"@id\":\"https:\/\/radar.ibegesp.org.br\/#\/schema\/logo\/image\/\",\"url\":\"https:\/\/radar.ibegesp.org.br\/wp-content\/uploads\/2021\/08\/logo-header.svg\",\"contentUrl\":\"https:\/\/radar.ibegesp.org.br\/wp-content\/uploads\/2021\/08\/logo-header.svg\",\"width\":1,\"height\":1,\"caption\":\"Radar IB\u00ca\"},\"image\":{\"@id\":\"https:\/\/radar.ibegesp.org.br\/#\/schema\/logo\/image\/\"}}]}<\/script>\n<!-- \/ Yoast SEO plugin. -->","yoast_head_json":{"title":"Colaborador - Radar IB\u00ca","description":"Tem interesse em escrever sobre a Gest\u00e3o P\u00fablica? Venha ser um colaborador do Programa de Reda\u00e7\u00e3o Volunt\u00e1ria do IBEGESP!","robots":{"index":"index","follow":"follow","max-snippet":"max-snippet:-1","max-image-preview":"max-image-preview:large","max-video-preview":"max-video-preview:-1"},"canonical":"https:\/\/radar.ibegesp.org.br\/colaborador\/","og_locale":"pt_BR","og_type":"article","og_title":"Colaborador - Radar IB\u00ca","og_description":"Tem interesse em escrever sobre a Gest\u00e3o P\u00fablica? Venha ser um colaborador do Programa de Reda\u00e7\u00e3o Volunt\u00e1ria do IBEGESP!","og_url":"https:\/\/radar.ibegesp.org.br\/colaborador\/","og_site_name":"Radar IB\u00ca","article_modified_time":"2025-04-24T16:19:29+00:00","og_image":[{"width":642,"height":361,"url":"https:\/\/radar.ibegesp.org.br\/wp-content\/uploads\/2021\/09\/img-colab.png","type":"image\/png"}],"twitter_card":"summary_large_image","twitter_misc":{"Est. tempo de leitura":"1 minuto"},"schema":{"@context":"https:\/\/schema.org","@graph":[{"@type":"WebPage","@id":"https:\/\/radar.ibegesp.org.br\/colaborador\/","url":"https:\/\/radar.ibegesp.org.br\/colaborador\/","name":"Colaborador - Radar IB\u00ca","isPartOf":{"@id":"https:\/\/radar.ibegesp.org.br\/#website"},"primaryImageOfPage":{"@id":"https:\/\/radar.ibegesp.org.br\/colaborador\/#primaryimage"},"image":{"@id":"https:\/\/radar.ibegesp.org.br\/colaborador\/#primaryimage"},"thumbnailUrl":"https:\/\/radar.ibegesp.org.br\/wp-content\/uploads\/2021\/09\/img-colab.png","datePublished":"2021-09-01T17:17:10+00:00","dateModified":"2025-04-24T16:19:29+00:00","description":"Tem interesse em escrever sobre a Gest\u00e3o P\u00fablica? Venha ser um colaborador do Programa de Reda\u00e7\u00e3o Volunt\u00e1ria do IBEGESP!","breadcrumb":{"@id":"https:\/\/radar.ibegesp.org.br\/colaborador\/#breadcrumb"},"inLanguage":"pt-BR","potentialAction":[{"@type":"ReadAction","target":["https:\/\/radar.ibegesp.org.br\/colaborador\/"]}]},{"@type":"ImageObject","inLanguage":"pt-BR","@id":"https:\/\/radar.ibegesp.org.br\/colaborador\/#primaryimage","url":"https:\/\/radar.ibegesp.org.br\/wp-content\/uploads\/2021\/09\/img-colab.png","contentUrl":"https:\/\/radar.ibegesp.org.br\/wp-content\/uploads\/2021\/09\/img-colab.png","width":642,"height":361},{"@type":"BreadcrumbList","@id":"https:\/\/radar.ibegesp.org.br\/colaborador\/#breadcrumb","itemListElement":[{"@type":"ListItem","position":1,"name":"Home","item":"https:\/\/radar.ibegesp.org.br\/"},{"@type":"ListItem","position":2,"name":"Colaborador"}]},{"@type":"WebSite","@id":"https:\/\/radar.ibegesp.org.br\/#website","url":"https:\/\/radar.ibegesp.org.br\/","name":"Radar IB\u00ca","description":"Contribu\u00edmos para uma gest\u00e3o p\u00fablica mais eficaz e transparente","publisher":{"@id":"https:\/\/radar.ibegesp.org.br\/#organization"},"potentialAction":[{"@type":"SearchAction","target":{"@type":"EntryPoint","urlTemplate":"https:\/\/radar.ibegesp.org.br\/?s={search_term_string}"},"query-input":{"@type":"PropertyValueSpecification","valueRequired":true,"valueName":"search_term_string"}}],"inLanguage":"pt-BR"},{"@type":"Organization","@id":"https:\/\/radar.ibegesp.org.br\/#organization","name":"Radar IB\u00ca","url":"https:\/\/radar.ibegesp.org.br\/","logo":{"@type":"ImageObject","inLanguage":"pt-BR","@id":"https:\/\/radar.ibegesp.org.br\/#\/schema\/logo\/image\/","url":"https:\/\/radar.ibegesp.org.br\/wp-content\/uploads\/2021\/08\/logo-header.svg","contentUrl":"https:\/\/radar.ibegesp.org.br\/wp-content\/uploads\/2021\/08\/logo-header.svg","width":1,"height":1,"caption":"Radar IB\u00ca"},"image":{"@id":"https:\/\/radar.ibegesp.org.br\/#\/schema\/logo\/image\/"}}]}},"_links":{"self":[{"href":"https:\/\/radar.ibegesp.org.br\/api\/wp\/v2\/pages\/642","targetHints":{"allow":["GET"]}}],"collection":[{"href":"https:\/\/radar.ibegesp.org.br\/api\/wp\/v2\/pages"}],"about":[{"href":"https:\/\/radar.ibegesp.org.br\/api\/wp\/v2\/types\/page"}],"author":[{"embeddable":true,"href":"https:\/\/radar.ibegesp.org.br\/api\/wp\/v2\/users\/9"}],"replies":[{"embeddable":true,"href":"https:\/\/radar.ibegesp.org.br\/api\/wp\/v2\/comments?post=642"}],"version-history":[{"count":1,"href":"https:\/\/radar.ibegesp.org.br\/api\/wp\/v2\/pages\/642\/revisions"}],"predecessor-version":[{"id":4975,"href":"https:\/\/radar.ibegesp.org.br\/api\/wp\/v2\/pages\/642\/revisions\/4975"}],"wp:attachment":[{"href":"https:\/\/radar.ibegesp.org.br\/api\/wp\/v2\/media?parent=642"}],"curies":[{"name":"wp","href":"https:\/\/api.w.org\/{rel}","templated":true}]}}